{"id":209,"date":"2013-11-24T16:10:08","date_gmt":"2013-11-24T16:10:08","guid":{"rendered":"http:\/\/chateau-de-villers-en-champagne.nl\/?page_id=209"},"modified":"2017-08-30T01:47:18","modified_gmt":"2017-08-29T23:47:18","slug":"tarieven-beschikbaarheid-en-contactgegevens","status":"publish","type":"page","link":"https:\/\/chateau-de-villers-en-champagne.nl\/de\/tarieven-beschikbaarheid-en-contactgegevens\/","title":{"rendered":"Preisliste, Verf\u00fcgbarkeit und Kontakt"},"content":{"rendered":"<p><\/p>\n<h3><strong>I. Ostfl\u00fcgel mit drei Schlafzimmer<\/strong><\/h3>\n<p>(2 \u2013 8 Personen)<\/p>\n<table style=\"width: 100%;\">\n<tbody>\n<tr>\n<td style=\"width: 50%;\">\n<table style=\"vertical-align: top; align: left; border: 0;\">\n<tbody>\n<tr>\n<td style=\"border: 0px solid #f0f0f0; font-size: 12px;\">Personenzahl:<\/td>\n<td style=\"border: 0px solid #f0f0f0; font-size: 12px;\">8<\/td>\n<\/tr>\n<tr>\n<td style=\"border: 0px solid #f0f0f0; font-size: 12px;\">Schlafzimmer:<\/td>\n<td style=\"border: 0px solid #f0f0f0; font-size: 12px;\">3<\/td>\n<\/tr>\n<tr>\n<td style=\"border: 0px solid #f0f0f0; font-size: 12px;\">Doppelbetten:<\/td>\n<td style=\"border: 0px solid #f0f0f0; font-size: 12px;\">2<\/td>\n<\/tr>\n<tr>\n<td style=\"border: 0px solid #f0f0f0; font-size: 12px;\">Einzelbetten:<\/td>\n<td style=\"border: 0px solid #f0f0f0; font-size: 12px;\">4<\/td>\n<\/tr>\n<tr>\n<td style=\"border: 0px solid #f0f0f0; font-size: 12px;\">Badezimmer:<\/td>\n<td style=\"border: 0px solid #f0f0f0; font-size: 12px;\">2<\/td>\n<\/tr>\n<\/tbody>\n<\/table>\n<\/td>\n<td>Preise pro Woche<\/p>\n<table style=\"vertical-align: top; border: 0;\">\n<tbody>\n<tr>\n<td style=\"border: 0px solid #f0f0f0; font-size: 12px;\">Nebensaison:<\/td>\n<td style=\"border: 0px solid #f0f0f0; font-size: 12px; text-align: right;\">\u20ac 500,-<\/td>\n<\/tr>\n<tr>\n<td style=\"border: 0px solid #f0f0f0; font-size: 12px;\">Zwischensaison:<\/td>\n<td style=\"border: 0px solid #f0f0f0; font-size: 12px; text-align: right;\">\u20ac 750,-<\/td>\n<\/tr>\n<tr>\n<td style=\"border: 0px solid #f0f0f0; font-size: 12px;\">Hauptsaison:<\/td>\n<td style=\"border: 0px solid #f0f0f0; font-size: 12px; text-align: right;\">\u20ac 1.150,-<\/td>\n<\/tr>\n<\/tbody>\n<\/table>\n<\/td>\n<\/tr>\n<\/tbody>\n<\/table>\n<p>Ein gro\u00dfes Wohnzimmer mit offenen (Holtzfeuer) Chemin\u00e9e (37,4m2), Kuche (4m2), zwei W.C., zwei Badzimmer und drei Schlafzimmer.<\/p>\n<p>Freien Zugang zum Schosspark und Schwimmbad.<\/p>\n<p>Gut mit Gardien und Putzfrau. Garage und Pferdestall stehen zur Ferfugung.<br \/>\n<iframe loading=\"lazy\" style=\"width: 580px; height: 340px;\" src=\"https:\/\/www.gites.nl\/tehuur\/1091\/embed\" width=\"320\" height=\"240\" frameborder=\"0\" scrolling=\"0\"><\/iframe><\/p>\n<h3><strong>II. Westfl\u00fcgel mit zwei Schlafzimmer<\/strong><\/h3>\n<p>(2-6 Personen. Schlafsofa)<\/p>\n<table style=\"width: 100%;\">\n<tbody>\n<tr>\n<td style=\"width: 50%;\">\n<table style=\"vertical-align: top; align: left; border: 0;\">\n<tbody>\n<tr>\n<td style=\"border: 0px solid #f0f0f0; font-size: 12px;\">Personenzahl:<\/td>\n<td style=\"border: 0px solid #f0f0f0; font-size: 12px;\">6<\/td>\n<\/tr>\n<tr>\n<td style=\"border: 0px solid #f0f0f0; font-size: 12px;\">Schlafzimmer:<\/td>\n<td style=\"border: 0px solid #f0f0f0; font-size: 12px;\">2<\/td>\n<\/tr>\n<tr>\n<td style=\"border: 0px solid #f0f0f0; font-size: 12px;\">Doppelbetten:<\/td>\n<td style=\"border: 0px solid #f0f0f0; font-size: 12px;\">1<\/td>\n<\/tr>\n<tr>\n<td style=\"border: 0px solid #f0f0f0; font-size: 12px;\">Einzelbetten:<\/td>\n<td style=\"border: 0px solid #f0f0f0; font-size: 12px;\">2<\/td>\n<\/tr>\n<tr>\n<td style=\"border: 0px solid #f0f0f0; font-size: 12px;\">Badezimmer:<\/td>\n<td style=\"border: 0px solid #f0f0f0; font-size: 12px;\">1<\/td>\n<\/tr>\n<\/tbody>\n<\/table>\n<\/td>\n<td>Preise pro Woche<\/p>\n<table style=\"vertical-align: top; border: 0;\">\n<tbody>\n<tr>\n<td style=\"border: 0px solid #f0f0f0; font-size: 12px;\">Nebensaison:<\/td>\n<td style=\"border: 0px solid #f0f0f0; font-size: 12px; text-align: right;\">\u20ac 350,-<\/td>\n<\/tr>\n<tr>\n<td style=\"border: 0px solid #f0f0f0; font-size: 12px;\">Zwischensaison:<\/td>\n<td style=\"border: 0px solid #f0f0f0; font-size: 12px; text-align: right;\">\u20ac 450,-<\/td>\n<\/tr>\n<tr>\n<td style=\"border: 0px solid #f0f0f0; font-size: 12px;\">Hauptsaison:<\/td>\n<td style=\"border: 0px solid #f0f0f0; font-size: 12px; text-align: right;\">\u20ac 550,-<\/td>\n<\/tr>\n<\/tbody>\n<\/table>\n<\/td>\n<\/tr>\n<\/tbody>\n<\/table>\n<p>Ein gro\u00dfes Wohnzimmer mit K\u00fcche und offenen (Holzfeuer) Ch\u00e9min\u00e9e (35.6 m2), zwei W.C., ein Badezimmer, zwei Schlafzimmer.<\/p>\n<p>Gut mit Gardien und Putzfrau. Garage und Pferdestall stehen zur Verf\u00fcgung.<br \/>\n<iframe loading=\"lazy\" style=\"width: 580px; height: 340px;\" src=\"https:\/\/www.gites.nl\/tehuur\/1029\/embed\" width=\"320\" height=\"240\" frameborder=\"0\" scrolling=\"0\"><\/iframe><\/p>\n<p><strong><span style=\"text-decoration: underline;\">Kontakt<\/span><\/strong><\/p>\n<p>Tel. 00 33 \u2013 3 2660 6209<\/p>\n<p>GSM 00 33 6 8528 9774<\/p>\n<p>E-Mail:\u00a0<a href=\"mailto:jc.landman@hotmail.com\"><strong>jc.landman@hotmail.com<\/strong><\/a><\/p>\n<p><a href=\"https:\/\/www.gites.nl\/adverteerder\/894\/verhuur\" target=\"_blank\" rel=\"noopener\"><img loading=\"lazy\" decoding=\"async\" class=\"alignnone wp-image-406\" src=\"http:\/\/chateau-de-villers-en-champagne.nl\/wp-content\/uploads\/gites_logo-300x81.png\" alt=\"gites_logo\" width=\"150\" height=\"40\" srcset=\"https:\/\/chateau-de-villers-en-champagne.nl\/wp-content\/uploads\/gites_logo-300x81.png 300w, https:\/\/chateau-de-villers-en-champagne.nl\/wp-content\/uploads\/gites_logo-500x136.png 500w, https:\/\/chateau-de-villers-en-champagne.nl\/wp-content\/uploads\/gites_logo.png 611w\" sizes=\"auto, (max-width: 150px) 100vw, 150px\" \/><\/a>\u00a0 \u00a0<a href=\"http:\/\/www.tripadvisor.com\/RentalPropertyManager-a_manager.78748\" target=\"_blank\" rel=\"noopener\"><img loading=\"lazy\" decoding=\"async\" class=\"alignnone size-full wp-image-403\" src=\"http:\/\/chateau-de-villers-en-champagne.nl\/wp-content\/uploads\/trip-advisor.gif\" alt=\"trip advisor\" width=\"148\" height=\"44\" \/><\/a>\u00a0 \u00a0<a href=\"http:\/\/www.flipkey.com\/villers-en-argonne-vacation-rentals\/g1556461\/\" target=\"_blank\" rel=\"noopener\"><img loading=\"lazy\" decoding=\"async\" class=\"alignnone wp-image-405\" src=\"http:\/\/chateau-de-villers-en-champagne.nl\/wp-content\/uploads\/rates-excellent.png\" alt=\"rates excellent\" width=\"129\" height=\"50\" srcset=\"https:\/\/chateau-de-villers-en-champagne.nl\/wp-content\/uploads\/rates-excellent.png 152w, https:\/\/chateau-de-villers-en-champagne.nl\/wp-content\/uploads\/rates-excellent-150x59.png 150w\" sizes=\"auto, (max-width: 129px) 100vw, 129px\" \/><\/a> <a href=\"http:\/\/www.frenchconnections.co.uk\/en\/accommodation\/property\/150944?u_id=150945\" target=\"_blank\" rel=\"noopener\"><img loading=\"lazy\" decoding=\"async\" class=\"alignnone wp-image-409\" src=\"http:\/\/chateau-de-villers-en-champagne.nl\/wp-content\/uploads\/fc_logo_sm.gif\" alt=\"fc_logo_sm\" width=\"102\" height=\"60\" \/><\/a><\/p>","protected":false},"excerpt":{"rendered":"<p>I. Ostfl\u00fcgel mit drei Schlafzimmer (2 \u2013 8 Personen) Personenzahl: 8 Schlafzimmer: 3 Doppelbetten: 2 Einzelbetten: 4 Badezimmer: 2 Preise pro Woche Nebensaison: \u20ac 500,- Zwischensaison: \u20ac 750,- Hauptsaison: \u20ac 1.150,- Ein gro\u00dfes Wohnzimmer mit offenen (Holtzfeuer) Chemin\u00e9e (37,4m2), Kuche <span class=\"excerpt-dots\">&hellip;<\/span> <a class=\"more-link\" href=\"https:\/\/chateau-de-villers-en-champagne.nl\/de\/tarieven-beschikbaarheid-en-contactgegevens\/\"><span class=\"more-msg\">Weiterlesen &rarr;<\/span><\/a><\/p>\n","protected":false},"author":1,"featured_media":0,"parent":0,"menu_order":0,"comment_status":"closed","ping_status":"closed","template":"","meta":{"footnotes":""},"class_list":["post-209","page","type-page","status-publish","hentry"],"_links":{"self":[{"href":"https:\/\/chateau-de-villers-en-champagne.nl\/de\/wp-json\/wp\/v2\/pages\/209","targetHints":{"allow":["GET"]}}],"collection":[{"href":"https:\/\/chateau-de-villers-en-champagne.nl\/de\/wp-json\/wp\/v2\/pages"}],"about":[{"href":"https:\/\/chateau-de-villers-en-champagne.nl\/de\/wp-json\/wp\/v2\/types\/page"}],"author":[{"embeddable":true,"href":"https:\/\/chateau-de-villers-en-champagne.nl\/de\/wp-json\/wp\/v2\/users\/1"}],"replies":[{"embeddable":true,"href":"https:\/\/chateau-de-villers-en-champagne.nl\/de\/wp-json\/wp\/v2\/comments?post=209"}],"version-history":[{"count":49,"href":"https:\/\/chateau-de-villers-en-champagne.nl\/de\/wp-json\/wp\/v2\/pages\/209\/revisions"}],"predecessor-version":[{"id":591,"href":"https:\/\/chateau-de-villers-en-champagne.nl\/de\/wp-json\/wp\/v2\/pages\/209\/revisions\/591"}],"wp:attachment":[{"href":"https:\/\/chateau-de-villers-en-champagne.nl\/de\/wp-json\/wp\/v2\/media?parent=209"}],"curies":[{"name":"wp","href":"https:\/\/api.w.org\/{rel}","templated":true}]}}