{"id":9,"date":"2013-11-20T19:08:51","date_gmt":"2013-11-20T19:08:51","guid":{"rendered":"http:\/\/chateau-de-villers-en-champagne.nl\/?page_id=9"},"modified":"2017-08-30T01:01:18","modified_gmt":"2017-08-29T23:01:18","slug":"homepage","status":"publish","type":"page","link":"https:\/\/chateau-de-villers-en-champagne.nl\/fr\/","title":{"rendered":"Page d&rsquo;accueil"},"content":{"rendered":"<p><\/p>\n<h3>Le domaine du Ch\u00e2teau de Villers et son Pavillon de chasse<\/h3>\n<p><strong>Bienvenue\u00a0!<\/strong><\/p>\n<p>J\u2019esp\u00e8re que cette visite sur notre site permettra de vous informer au mieux sur le domaine du ch\u00e2teau de Villers et en particulier sur le <em><strong>Pavillon de Chasse\u00a0<\/strong><\/em>(5 chambres, 3 salles de bain et 4 toilettes s\u00e9par\u00e9es), afin que vous puissiez vous faire une id\u00e9e de la teneur d\u2019un s\u00e9jour dans ce logement d\u2019une qualit\u00e9\u00a0exceptionnelle. Il comprend une <strong>Aile Est<\/strong> avec 3 chambres et 2 salles de bains pour 2-6 ou 8 p.p. Et une <strong>Aile Ouest<\/strong> avec 2 chambres pour 1-4 ou 6 personnes.<\/p>\n<p>Ce site a \u00e9t\u00e9 mis \u00e0 jour le 30 ao\u00fbt 2017 et comprend maintenant aussi une page sur le nouveau<em><strong> Loft-en-Champagne<\/strong><\/em> (depuis 2015), un appartement moderne et spacieux (134m2) pour 1 \u00e0 4 ou 7 personnes avec 3 chambres au 1er \u00e9tage de l&rsquo;une des autres d\u00e9pendances du chateau, avec un grand (26m2) balcon \/ terrasse qui donne sur un large jardin arbor\u00e9 bien entretenu, priv\u00e9, \u00e0 usage unique des h\u00f4tes de Loft.<\/p>\n<p>Le Pavillon de Chasse et le Loft font partie d\u2019un ensemble d\u2019\u00e9curies d\u2019une propri\u00e9t\u00e9 de 6 ha avec parc et ch\u00e2teau XVI \/XVIII\u00b0, qui pendant des si\u00e8cles appartenait \u00e0 la famille de <em><strong>Adelbert de Chamisso<\/strong><\/em>, fameux po\u00e8te allemand, mais n\u00e9 fran\u00e7ais, biologiste, explorateur et l&rsquo;auteur de \u00ab\u00a0<em>Peter Schlemihl, ou l\u2019homme qui a perdu son ombre<\/em>.\u00a0\u00bb<\/p>\n<p>Le Pavillon et le Loft \u00a0sont restaur\u00e9s luxueusement, avec mobilier antique et moderne, salon de jardin, table Ping Pong, autres jeux, 9 bicyclettes (age 3 &#8211; 18 et adultes (2)\u00a0et barbecues. Il est enti\u00e8rement \u00e9quip\u00e9 en \u00e9lectrom\u00e9nager moderne.<\/p>\n<p>Le Pavillon de Chasse est s\u00e9par\u00e9 en deux logements autonomes (2 &#8211; 6 et 2 &#8211; 8 personnes) et est\u00a0<strong>\u00e0 louer s\u00e9par\u00e9ment ou ensemble<\/strong>.<\/p>\n<p>Le Pavillon de Chasse et le Loft sont situ\u00e9s dans la vall\u00e9e de l\u2019<em>Aisne<\/em>, \u00e0 l\u2019entr\u00e9e du village de\u00a0<em>Villers-en-Argonne<\/em>\u00a0(au c\u0153ur de la grande\u00a0<em>for\u00eat d\u2019Argonne)<\/em>, \u00e0 9 km de\u00a0<em>Sainte-Menehould,<\/em>\u00a035 km de\u00a0<em>Chalons-en-Champagne<\/em>, 45 km de\u00a0<em>Verdun<\/em>, 80 km de\u00a0<em>Reims<\/em>, 200 km de\u00a0<em>Paris<\/em>,<\/p>\n<p>Un paradis pour l\u2019amateur de cheval, la chasse (sanglier, cerf et chevreuil), la p\u00e8che, la promenade, bicyclette (parcours mountain bikes) ; sports nautiques (<em>Lac de Der<\/em>, lac artificiel le plus grand d&rsquo;Europe !) et golf \u00e0 50 km.<\/p>\n<p><strong>Le site s\u2019organise en diff\u00e9rentes rubriques riches en informations et en photos\u00a0:<\/strong><\/p>\n<p>&#8211; Le ch\u00e2teau de Villers, son parc et ses arbres remarquables\u00a0dont 2 h\u00eatres exceptionnels,\u00a0et sa piscine avec abri r\u00e9tractable (inaugur\u00e9e en mai 2011).<\/p>\n<p>&#8211; Le Pigeonnier, vestige de l\u2019histoire, avec capacit\u00e9 d\u2019accueil de 400 pigeons<\/p>\n<p>&#8211; Le Pavillon de Chasse,\u00a0avec grand jardin, boxes de chevaux et verger (3ha), avec 9 v\u00e9los pour tous les \u00e2ges (2 pour adultes), barbecues, chaises longues et parasols, tennis de table et aire de jeux avec 2 balan\u00e7oires, tour mirador, toboggan et coin de pique-nique.<\/p>\n<p>&#8211; Le Loft-en-Champagne\u00a0avec sa propre terrasse et son arri\u00e8re-jardin priv\u00e9, mais \u00a0avec aussi l&rsquo;acc\u00e8s aux v\u00e9los, au ping-pong, au aire de jeux, etc.<\/p>\n<p>&#8211; Les environs et les activit\u00e9s possibles<\/p>\n<p>&#8211; La famille de Adelbert von Chamisso, le c\u00e9l\u00e8bre po\u00e8te et \u00e9crivain allemand, anciens propri\u00e9taires du ch\u00e2teau<\/p>\n<p><strong>Les t\u00e9moignages extraits du livre d\u2019h\u00f4tes<\/strong><\/p>\n<p>&#8211; Les tarifs et nos coordonn\u00e9es<\/p>\n<p><strong>NB<\/strong> : Afin de conna\u00eetre les dates de disponibilit\u00e9 des g\u00eetes, je vous prie de vous diriger vers la version n\u00e9erlandaise (drapeau en haut \u00e0 droite), puis de cliquer sur<\/p>\n<p>\u00ab Pavillon de Chasse, Oostvleugel \u00bb (2, 6 \u00e0 8 personnes) ou<\/p>\n<p>\u00ab Pavillon de Chasse, Westvleugel \u00bb (pour 2, 4 \u00e0 6 personnes)<\/p>\n<p>\u00ab Jachthuis, Oost- &amp; Westvleugel \u00bb (les deux Ailes ensembles de la maison)<\/p>\n<p>\u00ab Loft-en-Champagne\u00bb<\/p>\n<p>&nbsp;<\/p>\n<p>Johannes C. Landman,<br \/>\n2 Janvier 2014 \/\/ Actualis\u00e9 le 30 Ao\u00fbt 2017<\/p>\n<p>La Haye \/ Villers-en-Argonne<\/p>\n<p><img loading=\"lazy\" decoding=\"async\" class=\"alignnone wp-image-489\" src=\"http:\/\/chateau-de-villers-en-champagne.nl\/wp-content\/uploads\/Your-hosts-the-Landman-family-Cape-of-Good-Hope-7-12-03-kopie.jpg\" alt=\"Your hosts, the Landman family, Cape of Good Hope, 7-12-03 kopie\" width=\"654\" height=\"491\" srcset=\"https:\/\/chateau-de-villers-en-champagne.nl\/wp-content\/uploads\/Your-hosts-the-Landman-family-Cape-of-Good-Hope-7-12-03-kopie.jpg 1440w, https:\/\/chateau-de-villers-en-champagne.nl\/wp-content\/uploads\/Your-hosts-the-Landman-family-Cape-of-Good-Hope-7-12-03-kopie-300x225.jpg 300w, https:\/\/chateau-de-villers-en-champagne.nl\/wp-content\/uploads\/Your-hosts-the-Landman-family-Cape-of-Good-Hope-7-12-03-kopie-1024x768.jpg 1024w, https:\/\/chateau-de-villers-en-champagne.nl\/wp-content\/uploads\/Your-hosts-the-Landman-family-Cape-of-Good-Hope-7-12-03-kopie-399x300.jpg 399w\" sizes=\"auto, (max-width: 654px) 100vw, 654px\" \/><\/p>","protected":false},"excerpt":{"rendered":"<p>Le domaine du Ch\u00e2teau de Villers et son Pavillon de chasse Bienvenue\u00a0! J\u2019esp\u00e8re que cette visite sur notre site permettra de vous informer au mieux sur le domaine du ch\u00e2teau de Villers et en particulier sur le Pavillon de Chasse\u00a0(5 <span class=\"excerpt-dots\">&hellip;<\/span> <a class=\"more-link\" href=\"https:\/\/chateau-de-villers-en-champagne.nl\/fr\/\"><span class=\"more-msg\">Lire la suite &rarr;<\/span><\/a><\/p>\n","protected":false},"author":1,"featured_media":0,"parent":0,"menu_order":0,"comment_status":"closed","ping_status":"closed","template":"","meta":{"footnotes":""},"class_list":["post-9","page","type-page","status-publish","hentry"],"_links":{"self":[{"href":"https:\/\/chateau-de-villers-en-champagne.nl\/fr\/wp-json\/wp\/v2\/pages\/9","targetHints":{"allow":["GET"]}}],"collection":[{"href":"https:\/\/chateau-de-villers-en-champagne.nl\/fr\/wp-json\/wp\/v2\/pages"}],"about":[{"href":"https:\/\/chateau-de-villers-en-champagne.nl\/fr\/wp-json\/wp\/v2\/types\/page"}],"author":[{"embeddable":true,"href":"https:\/\/chateau-de-villers-en-champagne.nl\/fr\/wp-json\/wp\/v2\/users\/1"}],"replies":[{"embeddable":true,"href":"https:\/\/chateau-de-villers-en-champagne.nl\/fr\/wp-json\/wp\/v2\/comments?post=9"}],"version-history":[{"count":37,"href":"https:\/\/chateau-de-villers-en-champagne.nl\/fr\/wp-json\/wp\/v2\/pages\/9\/revisions"}],"predecessor-version":[{"id":586,"href":"https:\/\/chateau-de-villers-en-champagne.nl\/fr\/wp-json\/wp\/v2\/pages\/9\/revisions\/586"}],"wp:attachment":[{"href":"https:\/\/chateau-de-villers-en-champagne.nl\/fr\/wp-json\/wp\/v2\/media?parent=9"}],"curies":[{"name":"wp","href":"https:\/\/api.w.org\/{rel}","templated":true}]}}